{"id":3535,"date":"2023-04-21T10:07:00","date_gmt":"2023-04-21T09:07:00","guid":{"rendered":"https:\/\/samaniegolaw.com\/?page_id=3535"},"modified":"2023-04-21T10:13:46","modified_gmt":"2023-04-21T09:13:46","slug":"enseignement","status":"publish","type":"page","link":"https:\/\/samaniegolaw.com\/fr\/qui-sommes-nous\/enseignement\/","title":{"rendered":"Enseignement"},"content":{"rendered":"<h2 class=\"title-sidebar\">Nos valeurs<\/h2>\n<p>no-repeat;center top;;<\/p>\n<p>auto<\/p>\n<p><img decoding=\"async\" src=\"\"><\/p>\n<p>Nos clients font confiance \u00e0 notre attitude persistante (ax\u00e9e sur la recherche de solutions sans reculer devant aucun effort), sur nos honoraires raisonnables, notre pragmatisme et notre capacit\u00e9 de sacrifice ainsi que sur nos qualit\u00e9s personnelles. Nous ne nous endormons pas sur nos lauriers et nous nous effor\u00e7ons de faire toujours plus que ce que l\u2019on attend de nous dans tous les domaines.<\/p>\n<p>De ce fait, nous voulons toujours \u00eatre fid\u00e8les aux principes suivants :<\/p>\n<ul>\n<li><strong>Libert\u00e9 et ind\u00e9pendance :<\/strong> de toute interf\u00e9rence ou de tout int\u00e9r\u00eat. Dans des cas extr\u00eames, cet engagement peut m\u00eame impliquer un refus de la prise en charge d\u2019une affaire ou l\u2019arr\u00eat d\u2019action pour le compte d\u2019un client, lorsque nous estimons que notre ind\u00e9pendance peut \u00eatre compromise.<\/li>\n<li><strong>Les Membres de notre \u00c9quipe :<\/strong> Nous attachons une grande importance \u00e0 la libert\u00e9 individuelle de nos \u00e9quipes et de nos professionnels, qui doivent pouvoir effectuer leur travail sans restriction inutile. Plus important encore, la structure de notre cabinet est pens\u00e9e pour parvenir \u00e0 assurer un \u00e9quilibre sain entre le travail et la vie priv\u00e9e, en mettant l&rsquo;accent sur la flexibilit\u00e9 et la responsabilit\u00e9 individuelle.<\/li>\n<li><strong>\u00c9tique :<\/strong> nous nous engageons \u00e0 suivre les r\u00e8gles d\u00e9ontologiques de la profession d\u2019Avocat \u00e0 l&rsquo;\u00e9gard de nos clients, partenaires, organisations professionnelles, organismes de r\u00e9glementation et de nos confr\u00e8res.<\/li>\n<\/ul>\n<p><i>\u201cVous n\u2019exercerez pas selon une \u00e9thique \u2013 puisqu\u2019il est impossible de pratiquer en respectant une \u00e9thique \u2013 \u00e0 moins que vous n\u2019ayez une morale intrins\u00e8quement ancr\u00e9e dans vos valeurs et qu\u2019il vous soit habituel d\u2019agir selon une \u00e9thique.  Il vous faut avoir l\u2019habitude d\u2019\u00eatre juste. Il vous faut \u00e9prouver de la compassion. Ces qualit\u00e9s doivent \u00eatre profond\u00e9ment enracin\u00e9es en vous de telle sorte qu\u2019il vous serait impossible de les renier.\u201d <\/i> (Comment \u00eatre un membre heureux, sain et \u00e9thique dans une profession malheureuse, malsaine et immorale, Patrick J. Schultz).<\/p>\n<p>Pour plus d\u2019informations sur nos obligations professionnelles, nous vous invitons \u00e0 lire nos <a href=\"\/fr\/avertissement-legal\/\">Mentions L\u00e9gales<\/a>.<\/p>\n<p><strong>L\u2019excellence :<\/strong> nous nous effor\u00e7ons d\u2019aller au-del\u00e0 des attentes de nos clients. La qualit\u00e9 de notre service repose sur le fait que nous donnons \u00e0 nos avocats et consultants l&rsquo;espace n\u00e9cessaire pour l&rsquo;exercice de leurs fonctions. Nous les dotons de la technologie, des outils disponibles ainsi que des strat\u00e9gies les plus intelligentes pour d\u00e9fendre les cas qui nous sont pr\u00e9sent\u00e9s.<\/p>\n<p><strong>Efficacit\u00e9 :<\/strong> nous portons une attention toute particuli\u00e8re \u00e0 la m\u00e9thodologie et \u00e0 l&rsquo;analyse. Tout ce que nous accomplissons se doit d&rsquo;apporter une valeur ajout\u00e9e, et nous devons savoir faire la diff\u00e9rence entre les t\u00e2ches qui font avancer un projet jusqu\u2019\u00e0 ce qu\u2019il prosp\u00e8re, et celles qui ne changent rien.<\/p>\n<p><strong>Rapidit\u00e9 :<\/strong> nous sommes tout \u00e0 fait conscients que l\u2019emploi du temps de nos clients est charg\u00e9 et que leur temps est pr\u00e9cieux. C&rsquo;est pourquoi notre communication \u00e9crite et verbale offre une synth\u00e8se claire et succincte des sujets qui nous sont confi\u00e9s. Nous simplifions et clarifions, sans saturer le client avec des informations inutiles.<\/p>\n<p><strong>D\u00e9veloppement\/Perfectionnement :<\/strong>nous sommes impliqu\u00e9s dans le d\u00e9veloppement des connaissances, l&rsquo;\u00e9ducation, l&rsquo;enseignement et la recherche. Nos \u00e9quipes collaborent avec des think tanks et donnent des conf\u00e9rences et des \u00e9tudes de cas dans de prestigieuses universit\u00e9s et organisations professionnelles comprenant le <a href=\"https:\/\/www.cpradr.org\/\" target=\"_blank\" rel=\"noopener\">CPR<\/a>, le Club Espagnol d\u2019Arbitrage <a href=\"https:\/\/www.clubarbitraje.com\/en\" target=\"_blank\" rel=\"noopener\">(CEA)<\/a>, <a href=\"https:\/\/www.jamsadr.com\/\" target=\"_blank\" rel=\"noopener\">JAMS<\/a> <a href=\"https:\/\/www.icdr.org\/\" target=\"_blank\" rel=\"noopener\">ICDR\/AAA<\/a>, <a href=\"https:\/\/www.cedr.com\/\" target=\"_blank\" rel=\"noopener\">CEDR<\/a>, <a href=\"http:\/\/www.arbitramadrid.com\/web\/corte\/home\/\" target=\"_blank\" rel=\"noopener\">La Cour d\u2019Arbitrage de la Chambre de Commerce de Madrid<\/a>, AEADE, l\u2019IE, <a href=\"http:\/\/www.uspceu.com\/international_website\/uk\/la_universidad.aspx\" target=\"_blank\" rel=\"noopener\">l\u2019Universit\u00e9 CEU-San Pablo<\/a>, <a href=\"http:\/\/www.unav.edu\/en\/home\" target=\"_blank\" rel=\"noopener\">l\u2019Universit\u00e9 de Navarre<\/a>, l\u2019Universit\u00e9 Internationale de Floride <a href=\"https:\/\/www.fiu.edu\/\" target=\"_blank\" rel=\"noopener\">(Florida International University)<\/a>, <a href=\"https:\/\/www.isdemasters.com\/en\" target=\"_blank\" rel=\"noopener\">ISDE<\/a>, <a href=\"http:\/\/www.institutoatlanticodegobierno.org\/\" target=\"_blank\" rel=\"noopener\">IADG<\/a>, le <a href=\"https:\/\/www.fidefundacion.es\/The-Foundation-for-Research-in-Law-and-Business-a-reflexive-network-amongst-professionals-of-the-business-and-legal_a36.html\" target=\"_blank\" rel=\"noopener\">FIDE<\/a>, <a href=\"https:\/\/privacylawsalon.com\/\" target=\"_blank\" rel=\"noopener\">Privacy Law Salon<\/a>, <a href=\"http:\/\/www.uspceu.com\/es\/investigacion\/catedras-investigacion\/google.aspx\" target=\"_blank\" rel=\"noopener\">la Chaire Google-CEU<\/a> sur la protection de la vie priv\u00e9e, <a href=\"http:\/\/informationaccountability.org\/\" target=\"_blank\" rel=\"noopener\">Information Accountability Foundation<\/a>, <a href=\"https:\/\/www.privacylaws.com\/\" target=\"_blank\" rel=\"noopener\">Privacy Law &amp; Business<\/a>, <a href=\"https:\/\/www.acc.com\/chapters\/euro\/\" target=\"_blank\" rel=\"noopener\">ACC Europe<\/a>, et la Commission de l\u2019Economie Digitale de la <a href=\"https:\/\/iccwbo.org\/global-issues-trends\/digital-growth\/\" target=\"_blank\" rel=\"noopener\">CCI<\/a>.<\/p>\n<p><strong>Notre petit \u201cgrain de sable\u201d :<\/strong> nous soutenons fortement les personnes et les organisations qui ont \u00e0 c\u0153ur d&rsquo;avoir un impact positif et durable sur les d\u00e9fis sociaux, environnementaux et \u00e9conomiques d&rsquo;aujourd&rsquo;hui. Ils nous ont inspir\u00e9 \u00e0 apporter notre aide \u00e0 diverses activit\u00e9s b\u00e9n\u00e9voles et pro bono au b\u00e9n\u00e9fice de notre communaut\u00e9, de l&rsquo;environnement et de la soci\u00e9t\u00e9 dans son ensemble. Pour plus d\u2019information sur nos activit\u00e9s de Responsabilit\u00e9 Sociale et \u00c9conomique: <a href=\"\/fr\/rsc\/\">cliquez ici<\/a>.<\/p>\n<p>no-repeat;center top;;<\/p>\n<p>auto<\/p>\n","protected":false},"excerpt":{"rendered":"<p>Nos valeurs no-repeat;center top;; auto Nos clients font confiance \u00e0 notre attitude persistante (ax\u00e9e sur la recherche de solutions sans reculer devant aucun effort), sur nos<span class=\"excerpt-hellip\"> [\u2026]<\/span><\/p>\n","protected":false},"author":2,"featured_media":0,"parent":1349,"menu_order":0,"comment_status":"closed","ping_status":"closed","template":"","meta":{"footnotes":""},"class_list":["post-3535","page","type-page","status-publish","hentry"],"_links":{"self":[{"href":"https:\/\/samaniegolaw.com\/fr\/wp-json\/wp\/v2\/pages\/3535","targetHints":{"allow":["GET"]}}],"collection":[{"href":"https:\/\/samaniegolaw.com\/fr\/wp-json\/wp\/v2\/pages"}],"about":[{"href":"https:\/\/samaniegolaw.com\/fr\/wp-json\/wp\/v2\/types\/page"}],"author":[{"embeddable":true,"href":"https:\/\/samaniegolaw.com\/fr\/wp-json\/wp\/v2\/users\/2"}],"replies":[{"embeddable":true,"href":"https:\/\/samaniegolaw.com\/fr\/wp-json\/wp\/v2\/comments?post=3535"}],"version-history":[{"count":1,"href":"https:\/\/samaniegolaw.com\/fr\/wp-json\/wp\/v2\/pages\/3535\/revisions"}],"predecessor-version":[{"id":3592,"href":"https:\/\/samaniegolaw.com\/fr\/wp-json\/wp\/v2\/pages\/3535\/revisions\/3592"}],"up":[{"embeddable":true,"href":"https:\/\/samaniegolaw.com\/fr\/wp-json\/wp\/v2\/pages\/1349"}],"wp:attachment":[{"href":"https:\/\/samaniegolaw.com\/fr\/wp-json\/wp\/v2\/media?parent=3535"}],"curies":[{"name":"wp","href":"https:\/\/api.w.org\/{rel}","templated":true}]}}